{"id":3216,"date":"2017-11-17T09:18:31","date_gmt":"2017-11-17T09:18:31","guid":{"rendered":"https:\/\/www.plm.ba\/about-us\/employees\/nedzad-maksumic\/"},"modified":"2017-11-17T09:18:31","modified_gmt":"2017-11-17T09:18:31","slug":"nedzad-maksumic","status":"publish","type":"page","link":"https:\/\/www.plm.ba\/en\/about-us\/employees\/nedzad-maksumic\/","title":{"rendered":"Ned\u017ead Maksumi\u0107"},"content":{"rendered":"<div class=\"wpb-content-wrapper\">[vc_row][vc_column width=&#8221;2\/3&#8243;][vc_column_text]\n<h4 style=\"text-align: left;\">Ro\u0111en u Mostaru, 4.5.1961. godine. Sna\u017enog intelektualnog naboja i sa \u0161irokim spektrom interesiranja, Ned\u017ead Maksumi\u0107, sa podjednakom stvarala\u010dkom stra\u0161\u0107u, ulazi i u knji\u017eevnost i u teatar. Sa teatrom je uspostavio vezu jo\u0161 1978. godine kao sedamnaestogodi\u0161nji mladi\u0107 vezuju\u0107i se za glavni rasadnik mostarskih teatarskih talenata \u2013 Mostarski teatar mladih. Nakon dvije godine je pristupio alternativnoj teatarskoj grupi \u201cPrivremeno pozori\u0161te\u201d koju je vodio glumac i reditelj Salko \u0160ari\u0107. Iste je godine osnovao i pozori\u0161nu grupu Teatar \u201cLik\u201d gdje se, pored glume, bavio i re\u017eijom. Kasnije \u0107e se, povremeno, baviti i pozori\u0161nom kritikom.<\/h4>\n[\/vc_column_text][vc_column_text]\n<p style=\"text-align: left;\">Od 1993. do 1997. godine je boravio u Italiji i tamo, sa suprugom, glumicom Dianom Ondelj-Maksumi\u0107, obnovio rad Teatra \u201cLik\u201d. Na talijanskom jeziku, sa anga\u017eiranjem talijanskih glumaca, napisao je i re\u017eirao predstavu \u201cVlada velika ti\u0161ina&#8230;\u201d s kojom \u0107e, na Festivalu \u201cCorrenti mediterranei\u201d u Luganu (\u0160vicarska) osvojiti Prvu nagradu stru\u010dnog \u017eirija. U Italiji \u0107e biti anga\u017eiran u teatarskoj kompaniji \u201cTeatro del Mediterraneo\u201d iz Genove, zatim u kompaniji \u201cAttori in corso\u201d iz Brescie. Sara\u0111ivao je i sa teatrom \u201cL\u2019impasto\u201d iz Bologne.<\/p>\n[\/vc_column_text][vc_column_text]\n<p style=\"text-align: left;\">Prvu knjigu poezije \u201c\u010covjek u moru!\u201d objavio je 1983. godine. U Italiji je objavio knjigu dnevni\u010dkih zapisa \u201cVlada velika ti\u0161ina\u201d. Zastupljen je i u pjesni\u010dkim antologijama koje su izlazile u Rimu i Londonu. Kooautor je, zajedno sa Salkom \u0160ari\u0107em, monografije \u201cPrivremeno pozori\u0161te\u201d 2009. godine. Zbirku poezije \u201cJeruzalemljanin\u201d, nagra\u0111enu na natje\u010daju Fondacije za izdava\u0161tvo Federalnog ministarstva kulture i sporta, objavio je 2006. godine.<\/p>\n[\/vc_column_text][vc_column_text]\n<p style=\"text-align: left;\">U mostarskom Pozori\u0161tu lutaka je anga\u017eiran od 1997. godine, gdje, odmah po dolasku, pi\u0161e i re\u017eira predstavu \u201eSnjeguljac\u201c. U okviru \u201cMostarskog ljeta 1999.\u201d re\u017eira predstavu \u201c\u017dena Jevrejka\u201d prema tekstu Bertholta Brechta. Glumi u predstavi Hrvatskog narodnog kazali\u0161ta u Mostaru \u201cChick lit\u201d iz 2013.\u00a0 i u koprodukcijskoj predstavi \u201cMrtve ribe plivaju na le\u0111ima\u201d HNK Mostar, Narodnog pozori\u0161ta Mostar i Bosanskog narodnog pozori\u0161ta iz Zenice iz 2016. godine. Od 2000. godine \u010dlan je Kamerne scene Centra za kulturu Grada Mostara. Predsjednik je Umjetni\u010dkog savjeta Narodnog pozori\u0161ta u Mostaru.<\/p>\n[\/vc_column_text][vc_column_text]\n<p style=\"text-align: left;\">Za Pozori\u0161te lutaka pi\u0161e i re\u017eira jo\u0161 deset svojih tekstova: \u201cRa\u0161\u010dupana bajka\u201c 2008., \u201eTika, taka, tak\u201c 2009., \u201cNovogodi\u0161nji san\u201d 2010., \u201cDo\u0111i, do\u0111i, Djeda Mraze\u201d 2011., \u201c\u0160uma na kraju svijeta\u201d 2012., \u201c\u201dTra\u017ei se Djeda Mraz\u201d 2012., \u201cPokloni za Djeda Mraza\u201d 2013., \u201cNovogodi\u0161nja bajka\u201d 2014., \u201cDobrodo\u0161ao Djeda Mraze\u201d 2015. i \u201cPrinc iz moje ulice\u201d 2016. godine. Od 2010. godine u Pozori\u0161tu lutaka u Mostaru radi kao glumac\/reditelj.<\/p>\n[\/vc_column_text][vc_column_text]\n<h4 style=\"text-align: justify;\"><strong>Nagrade:<\/strong><\/h4>\n<ul>\n<li style=\"text-align: left;\">Nagrada za najbolju animaciju za ulogu slijepog mi\u0161a Rudolfa u predstavi \u201e\u017delim biti normalan\u201c u re\u017eiji Todora Valova na 10. me\u0111unarodnom festivalu lutkarskih pozori\u0161ta za djecu \u201eLut fest\u201c u Isto\u010dnom Sarajevu 2009. godine.<\/li>\n<li style=\"text-align: left;\">Nagrada za najbolje gluma\u010dko ostvarenje za ulogu slijepog mi\u0161a Rudolfa u predstavi \u201c\u017delim biti normalan\u201d u re\u017eiji Todora Valova na 8. me\u0111unarodnom festivalu pozori\u0161ta za djecu u Banja Luci 2009. godine.<\/li>\n<li style=\"text-align: left;\">Nagrada za najbolju re\u017eiju na Tre\u0107em festivalu dje\u010dije umjetnosti &#8211; FEDU u Sarajevu za predstavu &#8220;Princ iz moje ulice&#8221;.<\/li>\n<li style=\"text-align: left;\">Specijalna nagrada za kompletno osmi\u0161njen projekat za autorsku predstavu &#8220;Princ iz moje ulice&#8221; na 18. me\u0111unarodnom festivalu profesionalnih lutkarskih pozori\u0161ta \u201eLut Fest\u201c u Isto\u010dnom Sarajevu 2017. godine.<\/li>\n<\/ul>\n[\/vc_column_text][vc_column_text]\n<h4><strong>Kolektivne nagrade:<\/strong><\/h4>\n<ul>\n<li style=\"text-align: left;\">Specijalna nagrada za cjelovitost teatarskog izraza u lutkarskoj umetnosti za predstavu \u201c\u017delim biti normalan\u201d na 8. me\u0111unarodnom festivalu \u201cPozori\u0161te zvezdari\u0161te\u201d u Beogradu 2010. godine.<\/li>\n<li style=\"text-align: left;\">Grand Prix za najbolju predstavu festivala za predstavu \u201cKresivo\u201d na 11. me\u0111unarodnom festivalu lutkarskih pozori\u0161ta za djecu \u201cLut fest\u201d u Isto\u010dnom Sarajevu 2010. godine.<\/li>\n<li style=\"text-align: left;\">Nagrada za najbolju ansambl predstavu za predstavu \u201cPinocchio\u201d na 12. me\u0111unarodnom festivalu lutkarskih pozori\u0161ta za djecu \u201cLut fest\u201d u Isto\u010dnom Sarajevu 2011. godine.<\/li>\n<li style=\"text-align: left;\">Grand Prix za najbolju predstavu festivala za predstavu \u201cPinocchio\u201dna 13. me\u0111unarodnom festivalu pozori\u0161ta za decu \u201cZlatna iskra\u201d Kragujevac 2011. godine.<\/li>\n<li style=\"text-align: left;\">Nagrada ansamblu predstave \u201cLedeno srce\u201d za gluma\u010dko majstorstvo na 4. me\u0111unarodnom festivalu lutkarstva u Podgorici 2015. godine.<\/li>\n<\/ul>\n[\/vc_column_text][\/vc_column][vc_column width=&#8221;1\/3&#8243;][vc_single_image image=&#8221;2304&#8243; img_size=&#8221;full&#8221; style=&#8221;xtd-shadow&#8211;large-hard&#8221;][\/vc_column][\/vc_row]\n<\/div>","protected":false},"excerpt":{"rendered":"<p>[vc_row][vc_column width=&#8221;2\/3&#8243;][vc_column_text] Ro\u0111en u Mostaru, 4.5.1961. godine. Sna\u017enog intelektualnog naboja i sa \u0161irokim spektrom interesiranja, Ned\u017ead Maksumi\u0107, sa podjednakom stvarala\u010dkom stra\u0161\u0107u, ulazi i u knji\u017eevnost i u teatar. Sa teatrom je uspostavio vezu jo\u0161 1978. godine kao sedamnaestogodi\u0161nji mladi\u0107 vezuju\u0107i se za glavni rasadnik mostarskih teatarskih talenata \u2013 Mostarski teatar mladih. Nakon dvije godine je pristupio alternativnoj teatarskoj grupi \u201cPrivremeno [&hellip;]<\/p>\n","protected":false},"author":2,"featured_media":0,"parent":2969,"menu_order":0,"comment_status":"closed","ping_status":"closed","template":"","meta":{"inline_featured_image":false,"footnotes":""},"class_list":["post-3216","page","type-page","status-publish","hentry"],"_links":{"self":[{"href":"https:\/\/www.plm.ba\/en\/wp-json\/wp\/v2\/pages\/3216","targetHints":{"allow":["GET"]}}],"collection":[{"href":"https:\/\/www.plm.ba\/en\/wp-json\/wp\/v2\/pages"}],"about":[{"href":"https:\/\/www.plm.ba\/en\/wp-json\/wp\/v2\/types\/page"}],"author":[{"embeddable":true,"href":"https:\/\/www.plm.ba\/en\/wp-json\/wp\/v2\/users\/2"}],"replies":[{"embeddable":true,"href":"https:\/\/www.plm.ba\/en\/wp-json\/wp\/v2\/comments?post=3216"}],"version-history":[{"count":0,"href":"https:\/\/www.plm.ba\/en\/wp-json\/wp\/v2\/pages\/3216\/revisions"}],"up":[{"embeddable":true,"href":"https:\/\/www.plm.ba\/en\/wp-json\/wp\/v2\/pages\/2969"}],"wp:attachment":[{"href":"https:\/\/www.plm.ba\/en\/wp-json\/wp\/v2\/media?parent=3216"}],"curies":[{"name":"wp","href":"https:\/\/api.w.org\/{rel}","templated":true}]}}